{"id":89,"date":"2023-08-30T23:18:24","date_gmt":"2023-08-30T21:18:24","guid":{"rendered":"https:\/\/groupepourladanse.fr\/?page_id=89"},"modified":"2025-06-17T17:22:37","modified_gmt":"2025-06-17T15:22:37","slug":"gala-de-fin-dannee","status":"publish","type":"page","link":"https:\/\/groupepourladanse.fr\/index.php\/gala-de-fin-dannee\/","title":{"rendered":"Gala de fin d&#8217;ann\u00e9e"},"content":{"rendered":"\n<p>Le gala de fin d&#8217;ann\u00e9e ! Un moment de partage qui permet aux \u00e9l\u00e8ves de montrer un ach\u00e8vement du travail produit tout au long de l&#8217;ann\u00e9e. Il se d\u00e9roule chaque ann\u00e9e&nbsp;en juin, et depuis 2018, le <a href=\"https:\/\/paul-b.fr\">Centre Culturel Paul B<\/a> nous accueille chaleureusement dans leur salle de spectacle dans une ambiance intimiste et conviviale.<\/p>\n\n\n\n<figure class=\"wp-block-image size-large\"><img loading=\"lazy\" decoding=\"async\" width=\"1024\" height=\"405\" src=\"https:\/\/groupepourladanse.fr\/wp-content\/uploads\/2023\/11\/Gala-2023-1-2-1024x405.png\" alt=\"\" class=\"wp-image-709\" srcset=\"https:\/\/groupepourladanse.fr\/wp-content\/uploads\/2023\/11\/Gala-2023-1-2-1024x405.png 1024w, https:\/\/groupepourladanse.fr\/wp-content\/uploads\/2023\/11\/Gala-2023-1-2-300x119.png 300w, https:\/\/groupepourladanse.fr\/wp-content\/uploads\/2023\/11\/Gala-2023-1-2-768x304.png 768w, https:\/\/groupepourladanse.fr\/wp-content\/uploads\/2023\/11\/Gala-2023-1-2-1536x607.png 1536w, https:\/\/groupepourladanse.fr\/wp-content\/uploads\/2023\/11\/Gala-2023-1-2.png 1808w\" sizes=\"auto, (max-width: 1024px) 100vw, 1024px\" \/><\/figure>\n\n\n\n<div style=\"height:100px\" aria-hidden=\"true\" class=\"wp-block-spacer\"><\/div>\n\n\n\n<figure class=\"wp-block-image size-large\"><img decoding=\"async\" src=\"https:\/\/groupepourladanse.fr\/wp-content\/uploads\/2025\/06\/AFFICHE-GALA-2025_A3_E4-pdf.jpg\" alt=\"\"\/><\/figure>\n","protected":false},"excerpt":{"rendered":"<p>Le gala de fin d&#8217;ann\u00e9e ! Un moment de partage qui permet aux \u00e9l\u00e8ves de montrer un ach\u00e8vement du travail produit tout au long de l&#8217;ann\u00e9e. Il se d\u00e9roule chaque ann\u00e9e&nbsp;en juin, et depuis 2018, le Centre Culturel Paul B nous accueille chaleureusement dans leur salle de spectacle dans une [&hellip;]<\/p>\n","protected":false},"author":1,"featured_media":0,"parent":0,"menu_order":0,"comment_status":"closed","ping_status":"closed","template":"","meta":{"_themeisle_gutenberg_block_has_review":false,"footnotes":""},"class_list":["post-89","page","type-page","status-publish","hentry"],"yoast_head":"<!-- This site is optimized with the Yoast SEO plugin v25.9 - https:\/\/yoast.com\/wordpress\/plugins\/seo\/ -->\n<title>Gala de fin d&#039;ann\u00e9e - Groupe pour la Danse<\/title>\n<meta name=\"robots\" content=\"index, follow, max-snippet:-1, max-image-preview:large, max-video-preview:-1\" \/>\n<link rel=\"canonical\" href=\"https:\/\/groupepourladanse.fr\/index.php\/gala-de-fin-dannee\/\" \/>\n<meta property=\"og:locale\" content=\"en_US\" \/>\n<meta property=\"og:type\" content=\"article\" \/>\n<meta property=\"og:title\" content=\"Gala de fin d&#039;ann\u00e9e - Groupe pour la Danse\" \/>\n<meta property=\"og:description\" content=\"Le gala de fin d&#8217;ann\u00e9e ! Un moment de partage qui permet aux \u00e9l\u00e8ves de montrer un ach\u00e8vement du travail produit tout au long de l&#8217;ann\u00e9e. Il se d\u00e9roule chaque ann\u00e9e&nbsp;en juin, et depuis 2018, le Centre Culturel Paul B nous accueille chaleureusement dans leur salle de spectacle dans une [&hellip;]\" \/>\n<meta property=\"og:url\" content=\"https:\/\/groupepourladanse.fr\/index.php\/gala-de-fin-dannee\/\" \/>\n<meta property=\"og:site_name\" content=\"Groupe pour la Danse\" \/>\n<meta property=\"article:modified_time\" content=\"2025-06-17T15:22:37+00:00\" \/>\n<meta property=\"og:image\" content=\"https:\/\/groupepourladanse.fr\/wp-content\/uploads\/2023\/11\/Gala-2023-1-2-1024x405.png\" \/>\n<meta name=\"twitter:card\" content=\"summary_large_image\" \/>\n<meta name=\"twitter:label1\" content=\"Est. reading time\" \/>\n\t<meta name=\"twitter:data1\" content=\"1 minute\" \/>\n<script type=\"application\/ld+json\" class=\"yoast-schema-graph\">{\"@context\":\"https:\/\/schema.org\",\"@graph\":[{\"@type\":\"WebPage\",\"@id\":\"https:\/\/groupepourladanse.fr\/index.php\/gala-de-fin-dannee\/\",\"url\":\"https:\/\/groupepourladanse.fr\/index.php\/gala-de-fin-dannee\/\",\"name\":\"Gala de fin d'ann\u00e9e - Groupe pour la Danse\",\"isPartOf\":{\"@id\":\"https:\/\/groupepourladanse.fr\/#website\"},\"primaryImageOfPage\":{\"@id\":\"https:\/\/groupepourladanse.fr\/index.php\/gala-de-fin-dannee\/#primaryimage\"},\"image\":{\"@id\":\"https:\/\/groupepourladanse.fr\/index.php\/gala-de-fin-dannee\/#primaryimage\"},\"thumbnailUrl\":\"https:\/\/groupepourladanse.fr\/wp-content\/uploads\/2023\/11\/Gala-2023-1-2-1024x405.png\",\"datePublished\":\"2023-08-30T21:18:24+00:00\",\"dateModified\":\"2025-06-17T15:22:37+00:00\",\"breadcrumb\":{\"@id\":\"https:\/\/groupepourladanse.fr\/index.php\/gala-de-fin-dannee\/#breadcrumb\"},\"inLanguage\":\"en-US\",\"potentialAction\":[{\"@type\":\"ReadAction\",\"target\":[\"https:\/\/groupepourladanse.fr\/index.php\/gala-de-fin-dannee\/\"]}]},{\"@type\":\"ImageObject\",\"inLanguage\":\"en-US\",\"@id\":\"https:\/\/groupepourladanse.fr\/index.php\/gala-de-fin-dannee\/#primaryimage\",\"url\":\"https:\/\/groupepourladanse.fr\/wp-content\/uploads\/2023\/11\/Gala-2023-1-2-1024x405.png\",\"contentUrl\":\"https:\/\/groupepourladanse.fr\/wp-content\/uploads\/2023\/11\/Gala-2023-1-2-1024x405.png\"},{\"@type\":\"BreadcrumbList\",\"@id\":\"https:\/\/groupepourladanse.fr\/index.php\/gala-de-fin-dannee\/#breadcrumb\",\"itemListElement\":[{\"@type\":\"ListItem\",\"position\":1,\"name\":\"Accueil\",\"item\":\"https:\/\/groupepourladanse.fr\/\"},{\"@type\":\"ListItem\",\"position\":2,\"name\":\"Gala de fin d&#8217;ann\u00e9e\"}]},{\"@type\":\"WebSite\",\"@id\":\"https:\/\/groupepourladanse.fr\/#website\",\"url\":\"https:\/\/groupepourladanse.fr\/\",\"name\":\"Groupe pour la Danse\",\"description\":\"\",\"publisher\":{\"@id\":\"https:\/\/groupepourladanse.fr\/#organization\"},\"potentialAction\":[{\"@type\":\"SearchAction\",\"target\":{\"@type\":\"EntryPoint\",\"urlTemplate\":\"https:\/\/groupepourladanse.fr\/?s={search_term_string}\"},\"query-input\":{\"@type\":\"PropertyValueSpecification\",\"valueRequired\":true,\"valueName\":\"search_term_string\"}}],\"inLanguage\":\"en-US\"},{\"@type\":\"Organization\",\"@id\":\"https:\/\/groupepourladanse.fr\/#organization\",\"name\":\"Groupe pour la Danse\",\"url\":\"https:\/\/groupepourladanse.fr\/\",\"logo\":{\"@type\":\"ImageObject\",\"inLanguage\":\"en-US\",\"@id\":\"https:\/\/groupepourladanse.fr\/#\/schema\/logo\/image\/\",\"url\":\"https:\/\/groupepourladanse.fr\/wp-content\/uploads\/2023\/11\/LOGO_GROUPE_DANSE_RVB.png\",\"contentUrl\":\"https:\/\/groupepourladanse.fr\/wp-content\/uploads\/2023\/11\/LOGO_GROUPE_DANSE_RVB.png\",\"width\":2052,\"height\":2139,\"caption\":\"Groupe pour la Danse\"},\"image\":{\"@id\":\"https:\/\/groupepourladanse.fr\/#\/schema\/logo\/image\/\"}}]}<\/script>\n<!-- \/ Yoast SEO plugin. -->","yoast_head_json":{"title":"Gala de fin d'ann\u00e9e - Groupe pour la Danse","robots":{"index":"index","follow":"follow","max-snippet":"max-snippet:-1","max-image-preview":"max-image-preview:large","max-video-preview":"max-video-preview:-1"},"canonical":"https:\/\/groupepourladanse.fr\/index.php\/gala-de-fin-dannee\/","og_locale":"en_US","og_type":"article","og_title":"Gala de fin d'ann\u00e9e - Groupe pour la Danse","og_description":"Le gala de fin d&#8217;ann\u00e9e ! Un moment de partage qui permet aux \u00e9l\u00e8ves de montrer un ach\u00e8vement du travail produit tout au long de l&#8217;ann\u00e9e. Il se d\u00e9roule chaque ann\u00e9e&nbsp;en juin, et depuis 2018, le Centre Culturel Paul B nous accueille chaleureusement dans leur salle de spectacle dans une [&hellip;]","og_url":"https:\/\/groupepourladanse.fr\/index.php\/gala-de-fin-dannee\/","og_site_name":"Groupe pour la Danse","article_modified_time":"2025-06-17T15:22:37+00:00","og_image":[{"url":"https:\/\/groupepourladanse.fr\/wp-content\/uploads\/2023\/11\/Gala-2023-1-2-1024x405.png","type":"","width":"","height":""}],"twitter_card":"summary_large_image","twitter_misc":{"Est. reading time":"1 minute"},"schema":{"@context":"https:\/\/schema.org","@graph":[{"@type":"WebPage","@id":"https:\/\/groupepourladanse.fr\/index.php\/gala-de-fin-dannee\/","url":"https:\/\/groupepourladanse.fr\/index.php\/gala-de-fin-dannee\/","name":"Gala de fin d'ann\u00e9e - Groupe pour la Danse","isPartOf":{"@id":"https:\/\/groupepourladanse.fr\/#website"},"primaryImageOfPage":{"@id":"https:\/\/groupepourladanse.fr\/index.php\/gala-de-fin-dannee\/#primaryimage"},"image":{"@id":"https:\/\/groupepourladanse.fr\/index.php\/gala-de-fin-dannee\/#primaryimage"},"thumbnailUrl":"https:\/\/groupepourladanse.fr\/wp-content\/uploads\/2023\/11\/Gala-2023-1-2-1024x405.png","datePublished":"2023-08-30T21:18:24+00:00","dateModified":"2025-06-17T15:22:37+00:00","breadcrumb":{"@id":"https:\/\/groupepourladanse.fr\/index.php\/gala-de-fin-dannee\/#breadcrumb"},"inLanguage":"en-US","potentialAction":[{"@type":"ReadAction","target":["https:\/\/groupepourladanse.fr\/index.php\/gala-de-fin-dannee\/"]}]},{"@type":"ImageObject","inLanguage":"en-US","@id":"https:\/\/groupepourladanse.fr\/index.php\/gala-de-fin-dannee\/#primaryimage","url":"https:\/\/groupepourladanse.fr\/wp-content\/uploads\/2023\/11\/Gala-2023-1-2-1024x405.png","contentUrl":"https:\/\/groupepourladanse.fr\/wp-content\/uploads\/2023\/11\/Gala-2023-1-2-1024x405.png"},{"@type":"BreadcrumbList","@id":"https:\/\/groupepourladanse.fr\/index.php\/gala-de-fin-dannee\/#breadcrumb","itemListElement":[{"@type":"ListItem","position":1,"name":"Accueil","item":"https:\/\/groupepourladanse.fr\/"},{"@type":"ListItem","position":2,"name":"Gala de fin d&#8217;ann\u00e9e"}]},{"@type":"WebSite","@id":"https:\/\/groupepourladanse.fr\/#website","url":"https:\/\/groupepourladanse.fr\/","name":"Groupe pour la Danse","description":"","publisher":{"@id":"https:\/\/groupepourladanse.fr\/#organization"},"potentialAction":[{"@type":"SearchAction","target":{"@type":"EntryPoint","urlTemplate":"https:\/\/groupepourladanse.fr\/?s={search_term_string}"},"query-input":{"@type":"PropertyValueSpecification","valueRequired":true,"valueName":"search_term_string"}}],"inLanguage":"en-US"},{"@type":"Organization","@id":"https:\/\/groupepourladanse.fr\/#organization","name":"Groupe pour la Danse","url":"https:\/\/groupepourladanse.fr\/","logo":{"@type":"ImageObject","inLanguage":"en-US","@id":"https:\/\/groupepourladanse.fr\/#\/schema\/logo\/image\/","url":"https:\/\/groupepourladanse.fr\/wp-content\/uploads\/2023\/11\/LOGO_GROUPE_DANSE_RVB.png","contentUrl":"https:\/\/groupepourladanse.fr\/wp-content\/uploads\/2023\/11\/LOGO_GROUPE_DANSE_RVB.png","width":2052,"height":2139,"caption":"Groupe pour la Danse"},"image":{"@id":"https:\/\/groupepourladanse.fr\/#\/schema\/logo\/image\/"}}]}},"_links":{"self":[{"href":"https:\/\/groupepourladanse.fr\/index.php\/wp-json\/wp\/v2\/pages\/89","targetHints":{"allow":["GET"]}}],"collection":[{"href":"https:\/\/groupepourladanse.fr\/index.php\/wp-json\/wp\/v2\/pages"}],"about":[{"href":"https:\/\/groupepourladanse.fr\/index.php\/wp-json\/wp\/v2\/types\/page"}],"author":[{"embeddable":true,"href":"https:\/\/groupepourladanse.fr\/index.php\/wp-json\/wp\/v2\/users\/1"}],"replies":[{"embeddable":true,"href":"https:\/\/groupepourladanse.fr\/index.php\/wp-json\/wp\/v2\/comments?post=89"}],"version-history":[{"count":23,"href":"https:\/\/groupepourladanse.fr\/index.php\/wp-json\/wp\/v2\/pages\/89\/revisions"}],"predecessor-version":[{"id":1186,"href":"https:\/\/groupepourladanse.fr\/index.php\/wp-json\/wp\/v2\/pages\/89\/revisions\/1186"}],"wp:attachment":[{"href":"https:\/\/groupepourladanse.fr\/index.php\/wp-json\/wp\/v2\/media?parent=89"}],"curies":[{"name":"wp","href":"https:\/\/api.w.org\/{rel}","templated":true}]}}